{"id":2575,"date":"2017-11-20T21:24:04","date_gmt":"2017-11-20T21:24:04","guid":{"rendered":"https:\/\/florecimientohumano.net\/?page_id=2575"},"modified":"2019-09-12T08:38:02","modified_gmt":"2019-09-12T08:38:02","slug":"quien-soy","status":"publish","type":"page","link":"https:\/\/florecimientohumano.net\/en\/quien-soy\/","title":{"rendered":"Qui\u00e9n Soy"},"content":{"rendered":"<p>[et_pb_section bb_built=&#8221;1&#8243; _builder_version=&#8221;3.0.89&#8243; custom_padding=&#8221;54px|0px|24px|0px&#8221;][et_pb_row _builder_version=&#8221;3.0.89&#8243;][et_pb_column type=&#8221;1_2&#8243;][et_pb_image src=&#8221;https:\/\/florecimientohumano.net\/wp-content\/uploads\/2018\/01\/1_v2.jpeg&#8221; _builder_version=&#8221;3.0.90&#8243; show_in_lightbox=&#8221;off&#8221; url_new_window=&#8221;off&#8221; use_overlay=&#8221;off&#8221; always_center_on_mobile=&#8221;on&#8221; force_fullwidth=&#8221;off&#8221; show_bottom_space=&#8221;on&#8221;]<\/p>\n<p>&nbsp;<\/p>\n<p>[\/et_pb_image][\/et_pb_column][et_pb_column type=&#8221;1_2&#8243;][et_pb_text _builder_version=&#8221;3.0.90&#8243; text_font=&#8221;Open Sans Condensed||||||||&#8221; text_font_size=&#8221;18px&#8221; text_line_height=&#8221;1.6em&#8221; custom_padding=&#8221;15%|||&#8221; background_layout=&#8221;light&#8221;]<\/p>\n<p>Mi nombre es Laura Natalia P\u00e9rez. Nac\u00ed en Colombia y a partir de 2006 he vivido en diferentes pa\u00edses de Europa. A mis 6 a\u00f1os decid\u00ed que ser\u00eda terapeuta y cuando deb\u00ed escoger qu\u00e9 estudiar, vacil\u00e9 poco para ingresar a la facultad de Psicolog\u00eda. Me gradu\u00e9 con honores, en parte porque estudi\u00e9 mucho, pero sobre todo, porque lo hice con pasi\u00f3n y con la curiosidad infinita que siempre he tenido por comprender lo humano. Amo mi profesi\u00f3n y estoy agradecida de poderme dedicar a su ejercicio.\u00a0Uno de mis m\u00e1s profundos deseos a nivel profesional es contribuir a que la psicolog\u00eda como ciencia esquem\u00e1tica se transforme en\u00a0una ciencia del coraz\u00f3n con una comprensi\u00f3n integral del ser humano. Por esto -y para poder servirte desde este lugar- fund\u00e9 Florecimiento Humano en el 2014.<\/p>\n<p>[\/et_pb_text][\/et_pb_column][\/et_pb_row][\/et_pb_section][et_pb_section bb_built=&#8221;1&#8243; _builder_version=&#8221;3.0.89&#8243; background_image=&#8221;https:\/\/florecimientohumano.net\/wp-content\/uploads\/2017\/11\/Tulipan.jpg&#8221; parallax=&#8221;on&#8221; parallax_method=&#8221;off&#8221;][et_pb_row custom_padding=&#8221;|||&#8221; padding_top_1=&#8221;4em&#8221; padding_right_1=&#8221;2em&#8221; padding_bottom_1=&#8221;2em&#8221; padding_left_1=&#8221;2em&#8221; use_background_color_gradient_1=&#8221;on&#8221; background_color_gradient_start_1=&#8221;rgba(255,255,255,0.92)&#8221; background_color_gradient_end_1=&#8221;#ffffff&#8221; _builder_version=&#8221;3.0.89&#8243;][et_pb_column type=&#8221;2_3&#8243;][et_pb_text _builder_version=&#8221;3.0.90&#8243; text_font_size=&#8221;16px&#8221; background_layout=&#8221;light&#8221;]<\/p>\n<div class=\"fusion-fullwidth fullwidth-box fusion-fullwidth-7 fusion-parallax-fixed nonhundred-percent-fullwidth\">\n<div class=\"fusion-row\">\n<div class=\"fusion-two-third fusion-layout-column fusion-column-last fusion-spacing-yes\">\n<div class=\"fusion-column-wrapper\">\n<p><span style=\"color: #333333;\"><strong>He aprendido, tanto por mis m\u00e1s de 10 a\u00f1os de experiencia en el \u00e1mbito psicol\u00f3gico como por mi propia vivencia, que toda crisis es una oportunidad de crecimiento que puede desembocar en una mayor plenitud vital y en el florecimiento (es decir, el despliegue en toda su belleza) de lo que somos. He comprobado que el sufrimiento puede trascenderse y dar pie a la alegr\u00eda de vivir y al cultivo de una felicidad duradera. Tambi\u00e9n considero que el acompa\u00f1amiento es fundamental para indagar en nosotros mismos con profundidad y ayuda a descubrir qui\u00e9nes somos y a desarrollar nuestro m\u00e1ximo potencial.<\/strong><\/span><\/p>\n<div class=\"fusion-clearfix\"><\/div>\n<\/div>\n<\/div>\n<div class=\"fusion-clearfix\"><\/div>\n<\/div>\n<\/div>\n<div class=\"fusion-fullwidth fullwidth-box fusion-fullwidth-8 fusion-parallax-fixed nonhundred-percent-fullwidth\">\n<div class=\"fusion-row\">\n<div class=\"fusion-one-third fusion-layout-column fusion-spacing-no\">\n<div class=\"fusion-column-wrapper\"><\/div>\n<\/div>\n<\/div>\n<\/div>\n<p>[\/et_pb_text][\/et_pb_column][et_pb_column type=&#8221;1_3&#8243;][\/et_pb_column][\/et_pb_row][\/et_pb_section][et_pb_section bb_built=&#8221;1&#8243; _builder_version=&#8221;3.0.89&#8243; background_image=&#8221;https:\/\/florecimientohumano.net\/wp-content\/uploads\/2017\/11\/flor-45.jpg&#8221; parallax=&#8221;on&#8221; parallax_method=&#8221;off&#8221;][et_pb_row custom_padding=&#8221;|||&#8221; padding_top_2=&#8221;4em&#8221; padding_right_2=&#8221;2em&#8221; padding_bottom_2=&#8221;2em&#8221; padding_left_2=&#8221;2em&#8221; use_background_color_gradient_1=&#8221;off&#8221; use_background_color_gradient_2=&#8221;on&#8221; background_color_gradient_start_1=&#8221;rgba(255,255,255,0.92)&#8221; background_color_gradient_start_2=&#8221;rgba(255,255,255,0.92)&#8221; background_color_gradient_end_1=&#8221;rgba(214,214,214,0.74)&#8221; background_color_gradient_end_2=&#8221;rgba(255,255,255,0.92)&#8221; _builder_version=&#8221;3.0.89&#8243;][et_pb_column type=&#8221;1_3&#8243;][\/et_pb_column][et_pb_column type=&#8221;2_3&#8243;][et_pb_text _builder_version=&#8221;3.0.90&#8243; text_font_size=&#8221;16px&#8221; background_layout=&#8221;light&#8221;]<\/p>\n<p><strong>Mi m\u00e1s potente\u00a0influencia y fuente de nutrici\u00f3n actual es la psicoterapia contemplativa, que integra la psicolog\u00eda budista tibetana con la neurociencia y los avances contempor\u00e1neos en psicoterapia. Me he aproximado al budismo de manera laica y soy meditadora habitual desde hace m\u00e1s de 15 a\u00f1os, aunque me compromet\u00ed con la pr\u00e1ctica realmente en 2009, cuando verifiqu\u00e9 en primera persona sus alcances para el cultivo del bienestar profundo en medio de la dificultad. Tambi\u00e9n soy practicante de Yoga desde hace muchos\u00a0a\u00f1os. \u00daltimamente estoy incusrionando con creciente curiosidad en la pr\u00e1ctica del Qi Gong.<\/strong><\/p>\n<p><strong>Uso t\u00e9cnicas psicoespirituales y art\u00edsiticas como herramientas \u00fatiles para el autoconocimiento y la transformaci\u00f3n humana, y he desarrollado mi propio m\u00e9todo de escritura creativa contemplativa, pues mi segunda pasi\u00f3n ha sido la literatura. Me mantengo curiosa y en constante actualizaci\u00f3n en el encuentro con nuevos abordajes que aporten una comprensi\u00f3n cada vez m\u00e1s profunda del sufrimiento humano y develen caminos certeros hacia la plenitud, la libertad, la integraci\u00f3n y la presencia.<\/strong><br \/>\n<strong> Actualmente soy la directora acad\u00e9mica\u00a0del M\u00e1ster Internacional en Psicolog\u00eda Cl\u00ednica y de la Salud\u00a0 y coordinadora acad\u00e9mica del Doctorado en Psicolog\u00eda de\u00a0la Fundaci\u00f3n Universitaria Iberoamericana, donde adem\u00e1s soy profesora.\u00a0 Y\u00a0<span style=\"color: #008080;\">realizo sesiones v\u00eda Zoom Call desde y hacia cualquier lugar del mundo en\u00a0<em>castellano, catal\u00e1n, ingl\u00e9s e italiano.\u00a0<\/em><\/span><\/strong><\/p>\n<p>[\/et_pb_text][\/et_pb_column][\/et_pb_row][\/et_pb_section][et_pb_section bb_built=&#8221;1&#8243; _builder_version=&#8221;3.0.89&#8243; background_image=&#8221;https:\/\/florecimientohumano.net\/wp-content\/uploads\/2017\/11\/pesta\u00f1as-1-min.jpg&#8221; parallax=&#8221;on&#8221; parallax_method=&#8221;off&#8221;][et_pb_row custom_padding=&#8221;|||&#8221; padding_top_1=&#8221;4em&#8221; padding_right_1=&#8221;2em&#8221; padding_bottom_1=&#8221;2em&#8221; padding_left_1=&#8221;2em&#8221; use_background_color_gradient_1=&#8221;on&#8221; background_color_gradient_start_1=&#8221;rgba(255,255,255,0.92)&#8221; background_color_gradient_end_1=&#8221;rgba(255,255,255,0.9)&#8221; _builder_version=&#8221;3.0.89&#8243;][et_pb_column type=&#8221;2_3&#8243;][et_pb_text _builder_version=&#8221;3.0.90&#8243; text_font_size=&#8221;16px&#8221; background_layout=&#8221;light&#8221;]<\/p>\n<p><strong>Si te interesa mi formaci\u00f3n:<\/strong><\/p>\n<ul>\n<li><strong>Soy doctora PhD y m\u00e1ster en\u00a0<em>Ciencias Cognitivas y Lenguaje<\/em>\u00a0por la Universidad de Barcelona (menci\u00f3n cum laude).<\/strong><\/li>\n<li><strong><em>Psic\u00f3loga<\/em>\u00a0de la Universidad Javeriana de Bogot\u00e1 (menci\u00f3n de honor a la tesis de grado).<\/strong><\/li>\n<li><strong>Formada en <em>Psicoterapia Contemplativa<\/em> en Nalanda Institute y Institute for Traditional Medicine (Canad\u00e1)<\/strong><\/li>\n<li><strong>Certificada en <em>Primeros Auxilios Psicol\u00f3gicos<\/em> por la Universidad Aut\u00f3noma de Barcelona.<\/strong><\/li>\n<li><strong>Entrenada en\u00a0<em>Compassion Based Cognitive Therapy<\/em>( Entrenamiento en compasi\u00f3n de base cognitiva) con Gueshe Lobsang Tenzin Negi por la Universidad de Emory.<\/strong><\/li>\n<li><strong>Formada en\u00a0<em>Coaching Transformacional<\/em>\u00a0en el Institut Gestalt y People Tech Solutions LLc (USA)<\/strong><\/li>\n<li><strong>He cursado\u00a0<em>G.R.A.C.E.,\u00a0Compassion Cultivation Training, Psicolog\u00eda Budista<\/em>\u00a0\u00a0y \u00a0<em>Mindfulness Based Cognitive Therapy<\/em>\u00a0(entrenamiento en Mindfulness aplicado a la psicoterapia) en Estudios Contemplativos. <\/strong><\/li>\n<li><strong>Tambi\u00e9n tom\u00e9<em>The Science of Happiness<\/em>\u00a0(La Ciencia de la Felicidad) en el Greater Good Science centre de la Universidad de Berkeley a distancia. Y \u00a0<em>Buddhism and Modern Psychology<\/em>\u00a0en la Universidad de Prinston\u00a0online.<\/strong><\/li>\n<li><strong>Tambi\u00e9n me form\u00e9 en\u00a0<em>Respiraci\u00f3n Consciente Conectada<\/em>\u00a0en la Fundaci\u00f3n Freedom Within con Arvick Barghramian.<\/strong><\/li>\n<li><strong>Formada hasta el nivel b\u00e1sico\u00a0en\u00a0<em>Constelaciones Familiares<\/em>\u00a0<\/strong><\/li>\n<li><strong>Y en\u00a0<em>Psicoterapia Integrativa<\/em>\u00a0hasta el nivel II del proceso SAT de Claudio Naranjo.<\/strong><\/li>\n<li><strong>Actualmente contin\u00fao mi proceso de formaci\u00f3n en la tradici\u00f3n psicol\u00f3gica contemplativa (budista) con un enfoque laico.<\/strong><\/li>\n<li><strong>En 2011 Editorial Acad\u00e9mica Espa\u00f1ola public\u00f3 \u201cEl trauma de la guerra\u201d, libro del que soy coautora. Recientemente, Lambert public\u00f3 mi libro \u201cAscriptions in Context\u201d, que recoge mi investigaci\u00f3n doctoral.<\/strong><\/li>\n<li><strong>No menos importante: Mi proceso de desarrollo personal se ha nutrido de muchos a\u00f1os de psicoterapia personal y supervisi\u00f3n profesional, as\u00ed como de innumerables talleres y retiros en diferentes tradiciones psicoterap\u00e9uticas.<\/strong><\/li>\n<li><strong>Soy estudiante de Budismo de manera formal con Venerable Damcho en la tradici\u00f3n budista tibetana, aunque mi mayor influencia es el Budismo Zen de Thich Nhat Hanh, a quien considero uno de mis mayores maestros. El \u00faltimo retiro en el que particip\u00e9 fu\u00e9 de Mindfulness en Plum Village (comunidad de pr\u00e1ctica en la tradici\u00f3n de Thich Nhat Hanh) en la primavera de 2019.<\/strong><\/li>\n<li><strong>Soy\u00a0 Directora Acad\u00e9mica del M\u00e1ster en Psicolog\u00eda Cl\u00ednica y de la Salud y Coordinadora Acad\u00e9mica del Doctorado en Psicolog\u00eda en la Fundaci\u00f3n Universitaria Iberoamericana.<\/strong><\/li>\n<\/ul>\n<p>[\/et_pb_text][\/et_pb_column][et_pb_column type=&#8221;1_3&#8243;][\/et_pb_column][\/et_pb_row][\/et_pb_section][et_pb_section bb_built=&#8221;1&#8243; _builder_version=&#8221;3.0.89&#8243; custom_padding=&#8221;54px|0px|24px|0px&#8221;][et_pb_row _builder_version=&#8221;3.0.89&#8243;][et_pb_column type=&#8221;1_4&#8243;][\/et_pb_column][et_pb_column type=&#8221;1_2&#8243;][et_pb_text _builder_version=&#8221;3.0.90&#8243; text_font=&#8221;Open Sans Condensed||||||||&#8221; text_font_size=&#8221;18px&#8221; text_line_height=&#8221;1.6em&#8221; background_layout=&#8221;light&#8221;]<\/p>\n<h3 data-fontsize=\"24\" data-lineheight=\"36\">Sesiones v\u00eda Zoom Call<br \/>\nMail: lauranataliaperez@gmail.com<\/h3>\n<div class=\"fusion-sep-clear\"><\/div>\n<div class=\"fusion-separator fusion-full-width-sep sep-none\"><\/div>\n<p>Agradezco profundamente a quienes han estado involucrados en que Florecimiento Humano vea la luz: a mis clientes por permitirme dar, a mis maestros por ense\u00f1arme y guiarme, a mi familia, amigos y pareja por su apoyo y su amor, a mis animales por su incondicionalidad, y a todos aquellos que ignoro pero que participan en interconexi\u00f3n por ser y estar.<\/p>\n<p>[\/et_pb_text][\/et_pb_column][et_pb_column type=&#8221;1_4&#8243;][\/et_pb_column][\/et_pb_row][\/et_pb_section]<\/p>\n","protected":false},"excerpt":{"rendered":"<p>&nbsp; Mi nombre es Laura Natalia P\u00e9rez. Nac\u00ed en Colombia y a partir de 2006 he vivido en diferentes pa\u00edses de Europa. A mis 6 a\u00f1os decid\u00ed que ser\u00eda terapeuta y cuando deb\u00ed escoger qu\u00e9 estudiar, vacil\u00e9 poco para ingresar a la facultad de Psicolog\u00eda. Me gradu\u00e9 con honores, en parte porque estudi\u00e9 mucho, pero [&hellip;]<\/p>\n","protected":false},"author":1,"featured_media":0,"parent":0,"menu_order":0,"comment_status":"closed","ping_status":"closed","template":"","meta":{"_et_pb_use_builder":"on","_et_pb_old_content":"","_et_gb_content_width":"","footnotes":""},"class_list":["post-2575","page","type-page","status-publish","hentry"],"yoast_head":"<!-- This site is optimized with the Yoast SEO Premium plugin v24.9 (Yoast SEO v24.9) - https:\/\/yoast.com\/wordpress\/plugins\/seo\/ -->\n<title>Qui\u00e9n Soy - Florecimiento humano<\/title>\n<meta name=\"robots\" content=\"index, follow, max-snippet:-1, max-image-preview:large, max-video-preview:-1\" \/>\n<link rel=\"canonical\" href=\"https:\/\/florecimientohumano.net\/quien-soy\/\" \/>\n<meta property=\"og:locale\" content=\"en_US\" \/>\n<meta property=\"og:type\" content=\"article\" \/>\n<meta property=\"og:title\" content=\"Qui\u00e9n Soy\" \/>\n<meta property=\"og:description\" content=\"&nbsp; Mi nombre es Laura Natalia P\u00e9rez. Nac\u00ed en Colombia y a partir de 2006 he vivido en diferentes pa\u00edses de Europa. A mis 6 a\u00f1os decid\u00ed que ser\u00eda terapeuta y cuando deb\u00ed escoger qu\u00e9 estudiar, vacil\u00e9 poco para ingresar a la facultad de Psicolog\u00eda. Me gradu\u00e9 con honores, en parte porque estudi\u00e9 mucho, pero [&hellip;]\" \/>\n<meta property=\"og:url\" content=\"https:\/\/florecimientohumano.net\/quien-soy\/\" \/>\n<meta property=\"og:site_name\" content=\"Florecimiento humano\" \/>\n<meta property=\"article:modified_time\" content=\"2019-09-12T08:38:02+00:00\" \/>\n<meta name=\"twitter:card\" content=\"summary_large_image\" \/>\n<meta name=\"twitter:label1\" content=\"Est. reading time\" \/>\n\t<meta name=\"twitter:data1\" content=\"7 minutes\" \/>\n<script type=\"application\/ld+json\" class=\"yoast-schema-graph\">{\"@context\":\"https:\/\/schema.org\",\"@graph\":[{\"@type\":\"WebPage\",\"@id\":\"https:\/\/florecimientohumano.net\/quien-soy\/\",\"url\":\"https:\/\/florecimientohumano.net\/quien-soy\/\",\"name\":\"Qui\u00e9n Soy - Florecimiento humano\",\"isPartOf\":{\"@id\":\"https:\/\/florecimientohumano.net\/#website\"},\"datePublished\":\"2017-11-20T21:24:04+00:00\",\"dateModified\":\"2019-09-12T08:38:02+00:00\",\"breadcrumb\":{\"@id\":\"https:\/\/florecimientohumano.net\/quien-soy\/#breadcrumb\"},\"inLanguage\":\"en-US\",\"potentialAction\":[{\"@type\":\"ReadAction\",\"target\":[\"https:\/\/florecimientohumano.net\/quien-soy\/\"]}]},{\"@type\":\"BreadcrumbList\",\"@id\":\"https:\/\/florecimientohumano.net\/quien-soy\/#breadcrumb\",\"itemListElement\":[{\"@type\":\"ListItem\",\"position\":1,\"name\":\"Portada\",\"item\":\"https:\/\/florecimientohumano.net\/\"},{\"@type\":\"ListItem\",\"position\":2,\"name\":\"Qui\u00e9n Soy\"}]},{\"@type\":\"WebSite\",\"@id\":\"https:\/\/florecimientohumano.net\/#website\",\"url\":\"https:\/\/florecimientohumano.net\/\",\"name\":\"Florecimiento humano\",\"description\":\"Acompa\u00f1amiento online con esencia budista\",\"potentialAction\":[{\"@type\":\"SearchAction\",\"target\":{\"@type\":\"EntryPoint\",\"urlTemplate\":\"https:\/\/florecimientohumano.net\/?s={search_term_string}\"},\"query-input\":{\"@type\":\"PropertyValueSpecification\",\"valueRequired\":true,\"valueName\":\"search_term_string\"}}],\"inLanguage\":\"en-US\"}]}<\/script>\n<!-- \/ Yoast SEO Premium plugin. -->","yoast_head_json":{"title":"Qui\u00e9n Soy - Florecimiento humano","robots":{"index":"index","follow":"follow","max-snippet":"max-snippet:-1","max-image-preview":"max-image-preview:large","max-video-preview":"max-video-preview:-1"},"canonical":"https:\/\/florecimientohumano.net\/quien-soy\/","og_locale":"en_US","og_type":"article","og_title":"Qui\u00e9n Soy","og_description":"&nbsp; Mi nombre es Laura Natalia P\u00e9rez. Nac\u00ed en Colombia y a partir de 2006 he vivido en diferentes pa\u00edses de Europa. A mis 6 a\u00f1os decid\u00ed que ser\u00eda terapeuta y cuando deb\u00ed escoger qu\u00e9 estudiar, vacil\u00e9 poco para ingresar a la facultad de Psicolog\u00eda. Me gradu\u00e9 con honores, en parte porque estudi\u00e9 mucho, pero [&hellip;]","og_url":"https:\/\/florecimientohumano.net\/quien-soy\/","og_site_name":"Florecimiento humano","article_modified_time":"2019-09-12T08:38:02+00:00","twitter_card":"summary_large_image","twitter_misc":{"Est. reading time":"7 minutes"},"schema":{"@context":"https:\/\/schema.org","@graph":[{"@type":"WebPage","@id":"https:\/\/florecimientohumano.net\/quien-soy\/","url":"https:\/\/florecimientohumano.net\/quien-soy\/","name":"Qui\u00e9n Soy - Florecimiento humano","isPartOf":{"@id":"https:\/\/florecimientohumano.net\/#website"},"datePublished":"2017-11-20T21:24:04+00:00","dateModified":"2019-09-12T08:38:02+00:00","breadcrumb":{"@id":"https:\/\/florecimientohumano.net\/quien-soy\/#breadcrumb"},"inLanguage":"en-US","potentialAction":[{"@type":"ReadAction","target":["https:\/\/florecimientohumano.net\/quien-soy\/"]}]},{"@type":"BreadcrumbList","@id":"https:\/\/florecimientohumano.net\/quien-soy\/#breadcrumb","itemListElement":[{"@type":"ListItem","position":1,"name":"Portada","item":"https:\/\/florecimientohumano.net\/"},{"@type":"ListItem","position":2,"name":"Qui\u00e9n Soy"}]},{"@type":"WebSite","@id":"https:\/\/florecimientohumano.net\/#website","url":"https:\/\/florecimientohumano.net\/","name":"Florecimiento humano","description":"Acompa\u00f1amiento online con esencia budista","potentialAction":[{"@type":"SearchAction","target":{"@type":"EntryPoint","urlTemplate":"https:\/\/florecimientohumano.net\/?s={search_term_string}"},"query-input":{"@type":"PropertyValueSpecification","valueRequired":true,"valueName":"search_term_string"}}],"inLanguage":"en-US"}]}},"_links":{"self":[{"href":"https:\/\/florecimientohumano.net\/en\/wp-json\/wp\/v2\/pages\/2575","targetHints":{"allow":["GET"]}}],"collection":[{"href":"https:\/\/florecimientohumano.net\/en\/wp-json\/wp\/v2\/pages"}],"about":[{"href":"https:\/\/florecimientohumano.net\/en\/wp-json\/wp\/v2\/types\/page"}],"author":[{"embeddable":true,"href":"https:\/\/florecimientohumano.net\/en\/wp-json\/wp\/v2\/users\/1"}],"replies":[{"embeddable":true,"href":"https:\/\/florecimientohumano.net\/en\/wp-json\/wp\/v2\/comments?post=2575"}],"version-history":[{"count":9,"href":"https:\/\/florecimientohumano.net\/en\/wp-json\/wp\/v2\/pages\/2575\/revisions"}],"predecessor-version":[{"id":3278,"href":"https:\/\/florecimientohumano.net\/en\/wp-json\/wp\/v2\/pages\/2575\/revisions\/3278"}],"wp:attachment":[{"href":"https:\/\/florecimientohumano.net\/en\/wp-json\/wp\/v2\/media?parent=2575"}],"curies":[{"name":"wp","href":"https:\/\/api.w.org\/{rel}","templated":true}]}}