{"id":2634,"date":"2017-11-28T16:29:26","date_gmt":"2017-11-28T16:29:26","guid":{"rendered":"https:\/\/florecimientohumano.net\/?page_id=2634"},"modified":"2017-11-28T16:56:05","modified_gmt":"2017-11-28T16:56:05","slug":"sesiones-de-respiracion-consciente-conectada","status":"publish","type":"page","link":"https:\/\/florecimientohumano.net\/en\/sesiones-de-respiracion-consciente-conectada\/","title":{"rendered":"Sesiones de respiraci\u00f3n consciente conectada"},"content":{"rendered":"<p>[et_pb_section fb_built=&#8221;1&#8243; fullwidth=&#8221;on&#8221; _builder_version=&#8221;3.0.89&#8243; parallax=&#8221;on&#8221;][et_pb_fullwidth_post_title meta=&#8221;off&#8221; featured_placement=&#8221;background&#8221; text_color=&#8221;light&#8221; _builder_version=&#8221;3.0.89&#8243; title_font=&#8221;|||on|||||&#8221; title_text_align=&#8221;center&#8221; title_font_size=&#8221;39px&#8221; use_background_color_gradient=&#8221;on&#8221; background_color_gradient_start=&#8221;rgba(255,255,255,0)&#8221; background_color_gradient_end=&#8221;rgba(0,0,0,0.34)&#8221; background_color_gradient_overlays_image=&#8221;on&#8221; text_orientation=&#8221;center&#8221; custom_padding=&#8221;10%|||&#8221; text_shadow_style=&#8221;preset1&#8243;][\/et_pb_fullwidth_post_title][\/et_pb_section][et_pb_section fb_built=&#8221;1&#8243; _builder_version=&#8221;3.0.89&#8243; custom_padding=&#8221;54px|0px|24px|0px&#8221;][et_pb_row _builder_version=&#8221;3.0.89&#8243;][et_pb_column type=&#8221;4_4&#8243; _builder_version=&#8221;3.0.47&#8243; parallax=&#8221;off&#8221; parallax_method=&#8221;on&#8221;][et_pb_text _builder_version=&#8221;3.0.89&#8243; text_font=&#8221;Open Sans Condensed||||||||&#8221; text_font_size=&#8221;18px&#8221; text_line_height=&#8221;1.6em&#8221;]La respiraci\u00f3n, en diferentes tradiciones espirituales y terap\u00e9uticas, ha constituido un nodo fundamental por sus m\u00faltiples beneficios en el trabajo con las emociones y los bloqueos de diverso tipo, as\u00ed como una llave para el conocimiento del ser esencial y la experimentaci\u00f3n de estados de conciencia expandida. Del mismo modo es fuente de curaci\u00f3n y de autocuidado.<\/p>\n<p>La Respiraci\u00f3n Consciente Conectada (RCC) es una potente herramienta de sanaci\u00f3n y autoconocimiento en la que, de  una forma suave y gentil, podemos tocar lugares profundos de tu psique y tu esp\u00edritu, abriendo canales para tu transformaci\u00f3n y para tu desarrollo personal.<\/p>\n<p>Presencial en Barcelona o en Cala Gonone (Cerde\u00f1a).[\/et_pb_text][et_pb_divider color=&#8221;#b7b7b7&#8243; show_divider=&#8221;on&#8221; _builder_version=&#8221;3.0.89&#8243;][\/et_pb_divider][\/et_pb_column][\/et_pb_row][\/et_pb_section][et_pb_section fb_built=&#8221;1&#8243; _builder_version=&#8221;3.0.89&#8243; background_image=&#8221;https:\/\/florecimientohumano.net\/wp-content\/uploads\/2017\/11\/Pesta\u00f1a12-min.jpg&#8221; parallax=&#8221;on&#8221; parallax_method=&#8221;off&#8221;][et_pb_row custom_padding=&#8221;|||&#8221; use_background_color_gradient_1=&#8221;off&#8221; background_color_gradient_start_1=&#8221;rgba(255,255,255,0.92)&#8221; background_color_gradient_end_1=&#8221;rgba(255,255,255,0.74)&#8221; _builder_version=&#8221;3.0.89&#8243; use_background_color_gradient_2=&#8221;on&#8221; background_color_gradient_start_2=&#8221;rgba(255,255,255,0.92)&#8221; background_color_gradient_end_2=&#8221;rgba(255,255,255,0.85)&#8221; padding_top_2=&#8221;4em&#8221; padding_right_2=&#8221;2em&#8221; padding_bottom_2=&#8221;2em&#8221; padding_left_2=&#8221;2em&#8221;][et_pb_column type=&#8221;1_4&#8243; _builder_version=&#8221;3.0.47&#8243; parallax=&#8221;off&#8221; parallax_method=&#8221;on&#8221; use_background_color_gradient=&#8221;off&#8221; background_color_gradient_start=&#8221;rgba(255,255,255,0.92)&#8221; background_color_gradient_end=&#8221;rgba(255,255,255,0.74)&#8221;][\/et_pb_column][et_pb_column type=&#8221;1_2&#8243; _builder_version=&#8221;3.0.47&#8243; padding_bottom=&#8221;2em&#8221; padding_left=&#8221;2em&#8221; padding_right=&#8221;2em&#8221; padding_top=&#8221;4em&#8221; parallax=&#8221;off&#8221; parallax_method=&#8221;on&#8221; use_background_color_gradient=&#8221;on&#8221; background_color_gradient_start=&#8221;rgba(255,255,255,0.92)&#8221; background_color_gradient_end=&#8221;rgba(255,255,255,0.85)&#8221;][et_pb_text _builder_version=&#8221;3.0.89&#8243; header_font=&#8221;||||||||&#8221; header_2_font=&#8221;||||||||&#8221; header_3_font=&#8221;|700|||||||&#8221; header_3_text_align=&#8221;center&#8221; header_3_font_size=&#8221;38px&#8221; header_4_font=&#8221;||||||||&#8221; header_4_font_size=&#8221;29px&#8221;]<\/p>\n<h3>Funcionamiento<\/h3>\n<p>[\/et_pb_text][et_pb_text _builder_version=&#8221;3.0.89&#8243; text_font=&#8221;||||||||&#8221; text_font_size=&#8221;16px&#8221;]<\/p>\n<p><span>Las sesiones de RCC tienen una duraci\u00f3n de entre 1-2 horas. EL costo es de 60\u20ac y el pago se realiza al terminar la sesi\u00f3n<\/span><\/p>\n<p>[\/et_pb_text][et_pb_button button_url=&#8221;https:\/\/florecimientohumano.net\/contacto&#8221; button_text=&#8221;Haz clic aqu\u00ed para concertar una visita&#8221; _builder_version=&#8221;3.0.89&#8243; button_alignment=&#8221;center&#8221;][\/et_pb_button][\/et_pb_column][et_pb_column type=&#8221;1_4&#8243; _builder_version=&#8221;3.0.47&#8243; parallax=&#8221;off&#8221; parallax_method=&#8221;on&#8221;][\/et_pb_column][\/et_pb_row][\/et_pb_section]<\/p>\n","protected":false},"excerpt":{"rendered":"<p>La respiraci\u00f3n, en diferentes tradiciones espirituales y terap\u00e9uticas, ha constituido un nodo fundamental por sus m\u00faltiples beneficios en el trabajo con las emociones y los bloqueos de diverso tipo, as\u00ed como una llave para el conocimiento del ser esencial y la experimentaci\u00f3n de estados de conciencia expandida. Del mismo modo es fuente de curaci\u00f3n y [&hellip;]<\/p>\n","protected":false},"author":1,"featured_media":2650,"parent":0,"menu_order":0,"comment_status":"closed","ping_status":"closed","template":"","meta":{"_et_pb_use_builder":"on","_et_pb_old_content":"","_et_gb_content_width":"","footnotes":""},"class_list":["post-2634","page","type-page","status-publish","has-post-thumbnail","hentry"],"yoast_head":"<!-- This site is optimized with the Yoast SEO Premium plugin v24.9 (Yoast SEO v24.9) - https:\/\/yoast.com\/wordpress\/plugins\/seo\/ -->\n<title>Sesiones de respiraci\u00f3n consciente conectada - Florecimiento humano<\/title>\n<meta name=\"robots\" content=\"index, follow, max-snippet:-1, max-image-preview:large, max-video-preview:-1\" \/>\n<link rel=\"canonical\" href=\"https:\/\/florecimientohumano.net\/sesiones-de-respiracion-consciente-conectada\/\" \/>\n<meta property=\"og:locale\" content=\"en_US\" \/>\n<meta property=\"og:type\" content=\"article\" \/>\n<meta property=\"og:title\" content=\"Sesiones de respiraci\u00f3n consciente conectada\" \/>\n<meta property=\"og:description\" content=\"La respiraci\u00f3n, en diferentes tradiciones espirituales y terap\u00e9uticas, ha constituido un nodo fundamental por sus m\u00faltiples beneficios en el trabajo con las emociones y los bloqueos de diverso tipo, as\u00ed como una llave para el conocimiento del ser esencial y la experimentaci\u00f3n de estados de conciencia expandida. Del mismo modo es fuente de curaci\u00f3n y [&hellip;]\" \/>\n<meta property=\"og:url\" content=\"https:\/\/florecimientohumano.net\/sesiones-de-respiracion-consciente-conectada\/\" \/>\n<meta property=\"og:site_name\" content=\"Florecimiento humano\" \/>\n<meta property=\"article:modified_time\" content=\"2017-11-28T16:56:05+00:00\" \/>\n<meta property=\"og:image\" content=\"https:\/\/florecimientohumano.net\/wp-content\/uploads\/2017\/11\/pesta\u00f1a-4-min.jpg\" \/>\n\t<meta property=\"og:image:width\" content=\"6000\" \/>\n\t<meta property=\"og:image:height\" content=\"4000\" \/>\n\t<meta property=\"og:image:type\" content=\"image\/jpeg\" \/>\n<meta name=\"twitter:card\" content=\"summary_large_image\" \/>\n<meta name=\"twitter:label1\" content=\"Est. reading time\" \/>\n\t<meta name=\"twitter:data1\" content=\"3 minutes\" \/>\n<script type=\"application\/ld+json\" class=\"yoast-schema-graph\">{\"@context\":\"https:\/\/schema.org\",\"@graph\":[{\"@type\":\"WebPage\",\"@id\":\"https:\/\/florecimientohumano.net\/sesiones-de-respiracion-consciente-conectada\/\",\"url\":\"https:\/\/florecimientohumano.net\/sesiones-de-respiracion-consciente-conectada\/\",\"name\":\"Sesiones de respiraci\u00f3n consciente conectada - Florecimiento humano\",\"isPartOf\":{\"@id\":\"https:\/\/florecimientohumano.net\/#website\"},\"primaryImageOfPage\":{\"@id\":\"https:\/\/florecimientohumano.net\/sesiones-de-respiracion-consciente-conectada\/#primaryimage\"},\"image\":{\"@id\":\"https:\/\/florecimientohumano.net\/sesiones-de-respiracion-consciente-conectada\/#primaryimage\"},\"thumbnailUrl\":\"https:\/\/florecimientohumano.net\/wp-content\/uploads\/2017\/11\/pesta\u00f1a-4-min.jpg\",\"datePublished\":\"2017-11-28T16:29:26+00:00\",\"dateModified\":\"2017-11-28T16:56:05+00:00\",\"breadcrumb\":{\"@id\":\"https:\/\/florecimientohumano.net\/sesiones-de-respiracion-consciente-conectada\/#breadcrumb\"},\"inLanguage\":\"en-US\",\"potentialAction\":[{\"@type\":\"ReadAction\",\"target\":[\"https:\/\/florecimientohumano.net\/sesiones-de-respiracion-consciente-conectada\/\"]}]},{\"@type\":\"ImageObject\",\"inLanguage\":\"en-US\",\"@id\":\"https:\/\/florecimientohumano.net\/sesiones-de-respiracion-consciente-conectada\/#primaryimage\",\"url\":\"https:\/\/florecimientohumano.net\/wp-content\/uploads\/2017\/11\/pesta\u00f1a-4-min.jpg\",\"contentUrl\":\"https:\/\/florecimientohumano.net\/wp-content\/uploads\/2017\/11\/pesta\u00f1a-4-min.jpg\",\"width\":6000,\"height\":4000},{\"@type\":\"BreadcrumbList\",\"@id\":\"https:\/\/florecimientohumano.net\/sesiones-de-respiracion-consciente-conectada\/#breadcrumb\",\"itemListElement\":[{\"@type\":\"ListItem\",\"position\":1,\"name\":\"Portada\",\"item\":\"https:\/\/florecimientohumano.net\/\"},{\"@type\":\"ListItem\",\"position\":2,\"name\":\"Sesiones de respiraci\u00f3n consciente conectada\"}]},{\"@type\":\"WebSite\",\"@id\":\"https:\/\/florecimientohumano.net\/#website\",\"url\":\"https:\/\/florecimientohumano.net\/\",\"name\":\"Florecimiento humano\",\"description\":\"Acompa\u00f1amiento online con esencia budista\",\"potentialAction\":[{\"@type\":\"SearchAction\",\"target\":{\"@type\":\"EntryPoint\",\"urlTemplate\":\"https:\/\/florecimientohumano.net\/?s={search_term_string}\"},\"query-input\":{\"@type\":\"PropertyValueSpecification\",\"valueRequired\":true,\"valueName\":\"search_term_string\"}}],\"inLanguage\":\"en-US\"}]}<\/script>\n<!-- \/ Yoast SEO Premium plugin. -->","yoast_head_json":{"title":"Sesiones de respiraci\u00f3n consciente conectada - Florecimiento humano","robots":{"index":"index","follow":"follow","max-snippet":"max-snippet:-1","max-image-preview":"max-image-preview:large","max-video-preview":"max-video-preview:-1"},"canonical":"https:\/\/florecimientohumano.net\/sesiones-de-respiracion-consciente-conectada\/","og_locale":"en_US","og_type":"article","og_title":"Sesiones de respiraci\u00f3n consciente conectada","og_description":"La respiraci\u00f3n, en diferentes tradiciones espirituales y terap\u00e9uticas, ha constituido un nodo fundamental por sus m\u00faltiples beneficios en el trabajo con las emociones y los bloqueos de diverso tipo, as\u00ed como una llave para el conocimiento del ser esencial y la experimentaci\u00f3n de estados de conciencia expandida. Del mismo modo es fuente de curaci\u00f3n y [&hellip;]","og_url":"https:\/\/florecimientohumano.net\/sesiones-de-respiracion-consciente-conectada\/","og_site_name":"Florecimiento humano","article_modified_time":"2017-11-28T16:56:05+00:00","og_image":[{"width":6000,"height":4000,"url":"https:\/\/florecimientohumano.net\/wp-content\/uploads\/2017\/11\/pesta\u00f1a-4-min.jpg","type":"image\/jpeg"}],"twitter_card":"summary_large_image","twitter_misc":{"Est. reading time":"3 minutes"},"schema":{"@context":"https:\/\/schema.org","@graph":[{"@type":"WebPage","@id":"https:\/\/florecimientohumano.net\/sesiones-de-respiracion-consciente-conectada\/","url":"https:\/\/florecimientohumano.net\/sesiones-de-respiracion-consciente-conectada\/","name":"Sesiones de respiraci\u00f3n consciente conectada - Florecimiento humano","isPartOf":{"@id":"https:\/\/florecimientohumano.net\/#website"},"primaryImageOfPage":{"@id":"https:\/\/florecimientohumano.net\/sesiones-de-respiracion-consciente-conectada\/#primaryimage"},"image":{"@id":"https:\/\/florecimientohumano.net\/sesiones-de-respiracion-consciente-conectada\/#primaryimage"},"thumbnailUrl":"https:\/\/florecimientohumano.net\/wp-content\/uploads\/2017\/11\/pesta\u00f1a-4-min.jpg","datePublished":"2017-11-28T16:29:26+00:00","dateModified":"2017-11-28T16:56:05+00:00","breadcrumb":{"@id":"https:\/\/florecimientohumano.net\/sesiones-de-respiracion-consciente-conectada\/#breadcrumb"},"inLanguage":"en-US","potentialAction":[{"@type":"ReadAction","target":["https:\/\/florecimientohumano.net\/sesiones-de-respiracion-consciente-conectada\/"]}]},{"@type":"ImageObject","inLanguage":"en-US","@id":"https:\/\/florecimientohumano.net\/sesiones-de-respiracion-consciente-conectada\/#primaryimage","url":"https:\/\/florecimientohumano.net\/wp-content\/uploads\/2017\/11\/pesta\u00f1a-4-min.jpg","contentUrl":"https:\/\/florecimientohumano.net\/wp-content\/uploads\/2017\/11\/pesta\u00f1a-4-min.jpg","width":6000,"height":4000},{"@type":"BreadcrumbList","@id":"https:\/\/florecimientohumano.net\/sesiones-de-respiracion-consciente-conectada\/#breadcrumb","itemListElement":[{"@type":"ListItem","position":1,"name":"Portada","item":"https:\/\/florecimientohumano.net\/"},{"@type":"ListItem","position":2,"name":"Sesiones de respiraci\u00f3n consciente conectada"}]},{"@type":"WebSite","@id":"https:\/\/florecimientohumano.net\/#website","url":"https:\/\/florecimientohumano.net\/","name":"Florecimiento humano","description":"Acompa\u00f1amiento online con esencia budista","potentialAction":[{"@type":"SearchAction","target":{"@type":"EntryPoint","urlTemplate":"https:\/\/florecimientohumano.net\/?s={search_term_string}"},"query-input":{"@type":"PropertyValueSpecification","valueRequired":true,"valueName":"search_term_string"}}],"inLanguage":"en-US"}]}},"_links":{"self":[{"href":"https:\/\/florecimientohumano.net\/en\/wp-json\/wp\/v2\/pages\/2634","targetHints":{"allow":["GET"]}}],"collection":[{"href":"https:\/\/florecimientohumano.net\/en\/wp-json\/wp\/v2\/pages"}],"about":[{"href":"https:\/\/florecimientohumano.net\/en\/wp-json\/wp\/v2\/types\/page"}],"author":[{"embeddable":true,"href":"https:\/\/florecimientohumano.net\/en\/wp-json\/wp\/v2\/users\/1"}],"replies":[{"embeddable":true,"href":"https:\/\/florecimientohumano.net\/en\/wp-json\/wp\/v2\/comments?post=2634"}],"version-history":[{"count":3,"href":"https:\/\/florecimientohumano.net\/en\/wp-json\/wp\/v2\/pages\/2634\/revisions"}],"predecessor-version":[{"id":2685,"href":"https:\/\/florecimientohumano.net\/en\/wp-json\/wp\/v2\/pages\/2634\/revisions\/2685"}],"wp:featuredmedia":[{"embeddable":true,"href":"https:\/\/florecimientohumano.net\/en\/wp-json\/wp\/v2\/media\/2650"}],"wp:attachment":[{"href":"https:\/\/florecimientohumano.net\/en\/wp-json\/wp\/v2\/media?parent=2634"}],"curies":[{"name":"wp","href":"https:\/\/api.w.org\/{rel}","templated":true}]}}